{"id":163,"date":"2023-11-23T21:45:07","date_gmt":"2023-11-24T02:45:07","guid":{"rendered":"https:\/\/www.matiasreba.com\/?page_id=163"},"modified":"2023-11-28T09:09:08","modified_gmt":"2023-11-28T14:09:08","slug":"de-memoria","status":"publish","type":"page","link":"https:\/\/www.matiasreba.com\/en\/de-memoria\/","title":{"rendered":"De Memoria"},"content":{"rendered":"<div data-elementor-type=\"wp-page\" data-elementor-id=\"163\" class=\"elementor elementor-163\">\n\t\t\t\t\t\t<section class=\"elementor-section elementor-top-section elementor-element elementor-element-96bea1c elementor-section-full_width elementor-section-height-min-height elementor-section-stretched elementor-section-height-default elementor-section-items-middle wd-section-disabled\" data-id=\"96bea1c\" data-element_type=\"section\" data-settings=\"{&quot;stretch_section&quot;:&quot;section-stretched&quot;,&quot;background_background&quot;:&quot;classic&quot;}\">\n\t\t\t\t\t\t\t<div class=\"elementor-background-overlay\"><\/div>\n\t\t\t\t\t\t\t<div class=\"elementor-container elementor-column-gap-default\">\n\t\t\t\t\t<div class=\"elementor-column elementor-col-100 elementor-top-column elementor-element elementor-element-42cc81e\" data-id=\"42cc81e\" data-element_type=\"column\">\n\t\t\t<div class=\"elementor-widget-wrap elementor-element-populated\">\n\t\t\t\t\t\t<div class=\"elementor-element elementor-element-d98d5e1 elementor-widget elementor-widget-wd_title\" data-id=\"d98d5e1\" data-element_type=\"widget\" data-widget_type=\"wd_title.default\">\n\t\t\t\t<div class=\"elementor-widget-container\">\n\t\t\t\t\t\t\t<div class=\"title-wrapper set-mb-s reset-last-child wd-title-color-default wd-title-style-default wd-title-size-default text-center\">\n\n\t\t\t\t\t\t\t<div class=\"title-subtitle subtitle-color-default subtitle-style-default wd-fontsize-xs\">\n\t\t\t\t\tPERSONAL PROJECT\t\t\t\t<\/div>\n\t\t\t\n\t\t\t<div class=\"liner-continer\">\n\t\t\t\t<h4 class=\"woodmart-title-container title wd-fontsize-l\">DE MEMORIA<\/h4> \n\t\t\t\t\t\t\t<\/div>\n\n\t\t\t\t\t<\/div>\n\t\t\t\t\t\t<\/div>\n\t\t\t\t<\/div>\n\t\t\t\t\t<\/div>\n\t\t<\/div>\n\t\t\t\t\t<\/div>\n\t\t<\/section>\n\t\t\t\t<section class=\"elementor-section elementor-top-section elementor-element elementor-element-1ce5c9e4 elementor-section-content-middle elementor-section-stretched elementor-section-boxed elementor-section-height-default elementor-section-height-default wd-section-disabled\" data-id=\"1ce5c9e4\" data-element_type=\"section\" data-settings=\"{&quot;stretch_section&quot;:&quot;section-stretched&quot;}\">\n\t\t\t\t\t\t<div class=\"elementor-container elementor-column-gap-no\">\n\t\t\t\t\t<div class=\"elementor-column elementor-col-33 elementor-top-column elementor-element elementor-element-6ad8dee\" data-id=\"6ad8dee\" data-element_type=\"column\">\n\t\t\t<div class=\"elementor-widget-wrap elementor-element-populated\">\n\t\t\t\t\t\t<div class=\"elementor-element elementor-element-8864b94 color-scheme-inherit text-left elementor-widget elementor-widget-text-editor\" data-id=\"8864b94\" data-element_type=\"widget\" data-widget_type=\"text-editor.default\">\n\t\t\t\t<div class=\"elementor-widget-container\">\n\t\t\t\t\t\t\t\t\t<p>A PROJECT FOR ME AND MINE<\/p>\t\t\t\t\t\t\t\t<\/div>\n\t\t\t\t<\/div>\n\t\t\t\t<div class=\"elementor-element elementor-element-707a2772 color-scheme-inherit text-left elementor-widget elementor-widget-text-editor\" data-id=\"707a2772\" data-element_type=\"widget\" data-widget_type=\"text-editor.default\">\n\t\t\t\t<div class=\"elementor-widget-container\">\n\t\t\t\t\t\t\t\t\t<p>De Memoria is an intimate archive which exposes the deep and emotional links I have to individuals and my private space by presenting and organizing experiences, perceptions and memories. It externalizes complexities and details as a subtle particularity to repel the terrifying uncertainty of the future and the fear of forgetting.<\/p>\t\t\t\t\t\t\t\t<\/div>\n\t\t\t\t<\/div>\n\t\t\t\t\t<\/div>\n\t\t<\/div>\n\t\t\t\t<div class=\"elementor-column elementor-col-66 elementor-top-column elementor-element elementor-element-3e6f60d9 elementor-hidden-tablet elementor-hidden-mobile_extra elementor-hidden-mobile\" data-id=\"3e6f60d9\" data-element_type=\"column\">\n\t\t\t<div class=\"elementor-widget-wrap\">\n\t\t\t\t\t\t\t<\/div>\n\t\t<\/div>\n\t\t\t\t\t<\/div>\n\t\t<\/section>\n\t\t\t\t<section class=\"elementor-section elementor-top-section elementor-element elementor-element-4827293e elementor-section-stretched elementor-section-boxed elementor-section-height-default elementor-section-height-default wd-section-disabled\" data-id=\"4827293e\" data-element_type=\"section\" data-settings=\"{&quot;stretch_section&quot;:&quot;section-stretched&quot;}\">\n\t\t\t\t\t\t<div class=\"elementor-container elementor-column-gap-no\">\n\t\t\t\t\t<div class=\"elementor-column elementor-col-100 elementor-top-column elementor-element elementor-element-1d3df7c7\" data-id=\"1d3df7c7\" data-element_type=\"column\">\n\t\t\t<div class=\"elementor-widget-wrap elementor-element-populated\">\n\t\t\t\t\t\t<div class=\"elementor-element elementor-element-3afa9db9 elementor-widget elementor-widget-premium-img-gallery\" data-id=\"3afa9db9\" data-element_type=\"widget\" data-settings=\"{&quot;premium_gallery_img_content&quot;:[{&quot;premium_gallery_img&quot;:{&quot;url&quot;:&quot;https:\\\/\\\/www.matiasreba.com\\\/wp-content\\\/uploads\\\/2023\\\/11\\\/De-Memoria-Lugares-icon-1.jpg&quot;,&quot;id&quot;:&quot;532&quot;,&quot;size&quot;:&quot;&quot;},&quot;premium_gallery_img_link_type&quot;:&quot;link&quot;,&quot;premium_gallery_img_existing&quot;:&quot;138&quot;,&quot;premium_gallery_link_whole&quot;:&quot;yes&quot;,&quot;_id&quot;:&quot;1ef0d54&quot;,&quot;premium_gallery_img_name&quot;:&quot;LUGARES&quot;,&quot;premium_gallery_image_cell&quot;:{&quot;unit&quot;:&quot;px&quot;,&quot;size&quot;:4,&quot;sizes&quot;:[]},&quot;premium_gallery_image_cell_tablet&quot;:{&quot;unit&quot;:&quot;px&quot;,&quot;size&quot;:&quot;&quot;,&quot;sizes&quot;:[]},&quot;premium_gallery_image_cell_mobile_extra&quot;:{&quot;unit&quot;:&quot;px&quot;,&quot;size&quot;:&quot;&quot;,&quot;sizes&quot;:[]},&quot;premium_gallery_image_cell_mobile&quot;:{&quot;unit&quot;:&quot;px&quot;,&quot;size&quot;:&quot;&quot;,&quot;sizes&quot;:[]},&quot;premium_gallery_image_vcell&quot;:{&quot;unit&quot;:&quot;px&quot;,&quot;size&quot;:4,&quot;sizes&quot;:[]},&quot;premium_gallery_image_vcell_tablet&quot;:{&quot;unit&quot;:&quot;px&quot;,&quot;size&quot;:&quot;&quot;,&quot;sizes&quot;:[]},&quot;premium_gallery_image_vcell_mobile_extra&quot;:{&quot;unit&quot;:&quot;px&quot;,&quot;size&quot;:&quot;&quot;,&quot;sizes&quot;:[]},&quot;premium_gallery_image_vcell_mobile&quot;:{&quot;unit&quot;:&quot;px&quot;,&quot;size&quot;:&quot;&quot;,&quot;sizes&quot;:[]},&quot;premium_gallery_video&quot;:&quot;&quot;,&quot;premium_gallery_video_type&quot;:null,&quot;premium_gallery_video_url&quot;:null,&quot;premium_gallery_video_self&quot;:null,&quot;premium_gallery_video_self_url&quot;:null,&quot;premium_gallery_video_controls&quot;:null,&quot;premium_gallery_video_mute&quot;:null,&quot;premium_gallery_video_loop&quot;:null,&quot;download_button&quot;:null,&quot;privacy_mode&quot;:null,&quot;premmium_gallery_img_info&quot;:&quot;&quot;,&quot;premium_gallery_img_desc&quot;:&quot;&quot;,&quot;premium_gallery_img_category&quot;:&quot;&quot;,&quot;premium_gallery_img_link&quot;:null,&quot;premium_gallery_lightbox_whole&quot;:&quot;&quot;},{&quot;premium_gallery_img&quot;:{&quot;url&quot;:&quot;https:\\\/\\\/www.matiasreba.com\\\/wp-content\\\/uploads\\\/2023\\\/11\\\/De-Memoria-Cartas-icon-1.jpg&quot;,&quot;id&quot;:&quot;533&quot;,&quot;size&quot;:&quot;&quot;},&quot;premium_gallery_img_link_type&quot;:&quot;link&quot;,&quot;premium_gallery_img_existing&quot;:&quot;139&quot;,&quot;premium_gallery_link_whole&quot;:&quot;yes&quot;,&quot;_id&quot;:&quot;5d5b771&quot;,&quot;premium_gallery_img_name&quot;:&quot;CARTAS&quot;,&quot;premium_gallery_image_cell&quot;:{&quot;unit&quot;:&quot;px&quot;,&quot;size&quot;:4,&quot;sizes&quot;:[]},&quot;premium_gallery_image_cell_tablet&quot;:{&quot;unit&quot;:&quot;px&quot;,&quot;size&quot;:&quot;&quot;,&quot;sizes&quot;:[]},&quot;premium_gallery_image_cell_mobile_extra&quot;:{&quot;unit&quot;:&quot;px&quot;,&quot;size&quot;:&quot;&quot;,&quot;sizes&quot;:[]},&quot;premium_gallery_image_cell_mobile&quot;:{&quot;unit&quot;:&quot;px&quot;,&quot;size&quot;:&quot;&quot;,&quot;sizes&quot;:[]},&quot;premium_gallery_image_vcell&quot;:{&quot;unit&quot;:&quot;px&quot;,&quot;size&quot;:4,&quot;sizes&quot;:[]},&quot;premium_gallery_image_vcell_tablet&quot;:{&quot;unit&quot;:&quot;px&quot;,&quot;size&quot;:&quot;&quot;,&quot;sizes&quot;:[]},&quot;premium_gallery_image_vcell_mobile_extra&quot;:{&quot;unit&quot;:&quot;px&quot;,&quot;size&quot;:&quot;&quot;,&quot;sizes&quot;:[]},&quot;premium_gallery_image_vcell_mobile&quot;:{&quot;unit&quot;:&quot;px&quot;,&quot;size&quot;:&quot;&quot;,&quot;sizes&quot;:[]},&quot;premium_gallery_video&quot;:&quot;&quot;,&quot;premium_gallery_video_type&quot;:null,&quot;premium_gallery_video_url&quot;:null,&quot;premium_gallery_video_self&quot;:null,&quot;premium_gallery_video_self_url&quot;:null,&quot;premium_gallery_video_controls&quot;:null,&quot;premium_gallery_video_mute&quot;:null,&quot;premium_gallery_video_loop&quot;:null,&quot;download_button&quot;:null,&quot;privacy_mode&quot;:null,&quot;premmium_gallery_img_info&quot;:&quot;&quot;,&quot;premium_gallery_img_desc&quot;:&quot;&quot;,&quot;premium_gallery_img_category&quot;:&quot;&quot;,&quot;premium_gallery_img_link&quot;:null,&quot;premium_gallery_lightbox_whole&quot;:&quot;&quot;},{&quot;premium_gallery_img&quot;:{&quot;url&quot;:&quot;https:\\\/\\\/www.matiasreba.com\\\/wp-content\\\/uploads\\\/2023\\\/11\\\/De-Memoria-Recorrido-icon-1.jpg&quot;,&quot;id&quot;:656,&quot;size&quot;:&quot;&quot;},&quot;premium_gallery_img_link_type&quot;:&quot;link&quot;,&quot;premium_gallery_img_existing&quot;:&quot;140&quot;,&quot;premium_gallery_link_whole&quot;:&quot;yes&quot;,&quot;_id&quot;:&quot;9e8c803&quot;,&quot;premium_gallery_img_name&quot;:&quot;RECORRIDO&quot;,&quot;premium_gallery_image_cell&quot;:{&quot;unit&quot;:&quot;px&quot;,&quot;size&quot;:4,&quot;sizes&quot;:[]},&quot;premium_gallery_image_cell_tablet&quot;:{&quot;unit&quot;:&quot;px&quot;,&quot;size&quot;:&quot;&quot;,&quot;sizes&quot;:[]},&quot;premium_gallery_image_cell_mobile_extra&quot;:{&quot;unit&quot;:&quot;px&quot;,&quot;size&quot;:&quot;&quot;,&quot;sizes&quot;:[]},&quot;premium_gallery_image_cell_mobile&quot;:{&quot;unit&quot;:&quot;px&quot;,&quot;size&quot;:&quot;&quot;,&quot;sizes&quot;:[]},&quot;premium_gallery_image_vcell&quot;:{&quot;unit&quot;:&quot;px&quot;,&quot;size&quot;:4,&quot;sizes&quot;:[]},&quot;premium_gallery_image_vcell_tablet&quot;:{&quot;unit&quot;:&quot;px&quot;,&quot;size&quot;:&quot;&quot;,&quot;sizes&quot;:[]},&quot;premium_gallery_image_vcell_mobile_extra&quot;:{&quot;unit&quot;:&quot;px&quot;,&quot;size&quot;:&quot;&quot;,&quot;sizes&quot;:[]},&quot;premium_gallery_image_vcell_mobile&quot;:{&quot;unit&quot;:&quot;px&quot;,&quot;size&quot;:&quot;&quot;,&quot;sizes&quot;:[]},&quot;premium_gallery_video&quot;:&quot;&quot;,&quot;premium_gallery_video_type&quot;:null,&quot;premium_gallery_video_url&quot;:null,&quot;premium_gallery_video_self&quot;:null,&quot;premium_gallery_video_self_url&quot;:null,&quot;premium_gallery_video_controls&quot;:null,&quot;premium_gallery_video_mute&quot;:null,&quot;premium_gallery_video_loop&quot;:null,&quot;download_button&quot;:null,&quot;privacy_mode&quot;:null,&quot;premmium_gallery_img_info&quot;:&quot;&quot;,&quot;premium_gallery_img_desc&quot;:&quot;&quot;,&quot;premium_gallery_img_category&quot;:&quot;&quot;,&quot;premium_gallery_img_link&quot;:null,&quot;premium_gallery_lightbox_whole&quot;:&quot;&quot;}]}\" data-widget_type=\"premium-img-gallery.default\">\n\t\t\t\t<div class=\"elementor-widget-container\">\n\t\t\t\t\t\r\n\t<div class=\"premium-img-gallery-no-lightbox elementor-invisible premium-img-gallery premium-img-gallery-fitRows zoomin premium-gallery-icon-show\" id=\"premium-img-gallery-3afa9db9\">\r\n\t\t\r\n\t\t<div class=\"premium-gallery-container\" data-settings=\"{&quot;img_size&quot;:&quot;fitRows&quot;,&quot;filter&quot;:&quot;&quot;,&quot;theme&quot;:null,&quot;active_cat&quot;:&quot;*&quot;,&quot;ltr_mode&quot;:true,&quot;shuffle&quot;:false,&quot;sort_by&quot;:&quot;original-order&quot;,&quot;skin&quot;:&quot;default&quot;}\">\r\n\r\n\t\t\t\t\t\t\t<div class=\"premium-gallery-item elementor-repeater-item-1ef0d54\">\r\n\t\t\t\t<div class=\"pa-gallery-img default\" onclick=\"\">\r\n\t\t\t\t\t<div class=\"pa-gallery-img-container\">\r\n\t\t\t\t\t\t\t\t<img decoding=\"async\" src=\"https:\/\/www.matiasreba.com\/wp-content\/uploads\/elementor\/thumbs\/De-Memoria-Lugares-icon-1-qjkn9a57vcr82jom58j1tnyh0d1bhw11zi917w26bs.jpg\" title=\"De-Memoria-Lugares-icon-1\" alt=\"De-Memoria-Lugares-icon-1\" loading=\"lazy\" \/>\t\t\t\t\t\t\t<\/div>\r\n\t\t\t\t\t\t\t\t\t\t\t\t<div class=\"pa-gallery-icons-wrapper\">\r\n\t\t\t\t\t\t\t\t<div class=\"pa-gallery-icons-inner-container\">\r\n\t\t\t\t\t\t\t\t\t\t\t\t\t\t\t\t\t<\/div>\r\n\t\t\t\t\t\t\t<\/div>\r\n\t\t\t\t\t\t\t\t\t\t<div class=\"premium-gallery-caption\">\r\n\r\n\t\t\t\t\t\t\t\t\t<span class=\"premium-gallery-img-name\">LUGARES<\/span>\r\n\t\t\t\t\t\r\n\t\t\t<\/div>\r\n\t\t\t\t\t\t\t\t\t\t<a class=\"pa-gallery-whole-link\" href=\"https:\/\/www.matiasreba.com\/en\/de-memoria-lugares\/\">\r\n\t\t\t\t\t\t\t\t<span>\r\n\t\t\t\t\t\t\t\t\tLUGARES\t\t\t\t\t\t\t\t<\/span>\r\n\t\t\t\t\t\t\t<\/a>\r\n\t\t\t\t\t\t\t\t\t\t\t<\/div>\r\n\t\t\t<\/div>\r\n\t\t\t\t\t\t\t<div class=\"premium-gallery-item elementor-repeater-item-5d5b771\">\r\n\t\t\t\t<div class=\"pa-gallery-img default\" onclick=\"\">\r\n\t\t\t\t\t<div class=\"pa-gallery-img-container\">\r\n\t\t\t\t\t\t\t\t<img decoding=\"async\" src=\"https:\/\/www.matiasreba.com\/wp-content\/uploads\/elementor\/thumbs\/De-Memoria-Cartas-icon-1-qjkn9b3226sie5n8zqxoe5pxlqwopl4sbmwip60s5k.jpg\" title=\"De-Memoria-Cartas-icon-1\" alt=\"De-Memoria-Cartas-icon-1\" loading=\"lazy\" \/>\t\t\t\t\t\t\t<\/div>\r\n\t\t\t\t\t\t\t\t\t\t\t\t<div class=\"pa-gallery-icons-wrapper\">\r\n\t\t\t\t\t\t\t\t<div class=\"pa-gallery-icons-inner-container\">\r\n\t\t\t\t\t\t\t\t\t\t\t\t\t\t\t\t\t<\/div>\r\n\t\t\t\t\t\t\t<\/div>\r\n\t\t\t\t\t\t\t\t\t\t<div class=\"premium-gallery-caption\">\r\n\r\n\t\t\t\t\t\t\t\t\t<span class=\"premium-gallery-img-name\">CARTAS<\/span>\r\n\t\t\t\t\t\r\n\t\t\t<\/div>\r\n\t\t\t\t\t\t\t\t\t\t<a class=\"pa-gallery-whole-link\" href=\"https:\/\/www.matiasreba.com\/en\/de-memoria-cartas\/\">\r\n\t\t\t\t\t\t\t\t<span>\r\n\t\t\t\t\t\t\t\t\tCARTAS\t\t\t\t\t\t\t\t<\/span>\r\n\t\t\t\t\t\t\t<\/a>\r\n\t\t\t\t\t\t\t\t\t\t\t<\/div>\r\n\t\t\t<\/div>\r\n\t\t\t\t\t\t\t<div class=\"premium-gallery-item elementor-repeater-item-9e8c803\">\r\n\t\t\t\t<div class=\"pa-gallery-img default\" onclick=\"\">\r\n\t\t\t\t\t<div class=\"pa-gallery-img-container\">\r\n\t\t\t\t\t\t\t\t<img decoding=\"async\" src=\"https:\/\/www.matiasreba.com\/wp-content\/uploads\/elementor\/thumbs\/De-Memoria-Recorrido-icon-1-qjkn7ug3fgsgbzrpj46kij04c644qjbtgedbto6tu0.jpg\" title=\"De-Memoria-Recorrido-icon-1\" alt=\"De-Memoria-Recorrido-icon-1\" loading=\"lazy\" \/>\t\t\t\t\t\t\t<\/div>\r\n\t\t\t\t\t\t\t\t\t\t\t\t<div class=\"pa-gallery-icons-wrapper\">\r\n\t\t\t\t\t\t\t\t<div class=\"pa-gallery-icons-inner-container\">\r\n\t\t\t\t\t\t\t\t\t\t\t\t\t\t\t\t\t<\/div>\r\n\t\t\t\t\t\t\t<\/div>\r\n\t\t\t\t\t\t\t\t\t\t<div class=\"premium-gallery-caption\">\r\n\r\n\t\t\t\t\t\t\t\t\t<span class=\"premium-gallery-img-name\">RECORRIDO<\/span>\r\n\t\t\t\t\t\r\n\t\t\t<\/div>\r\n\t\t\t\t\t\t\t\t\t\t<a class=\"pa-gallery-whole-link\" href=\"https:\/\/www.matiasreba.com\/en\/de-memoria-recorrido\/\">\r\n\t\t\t\t\t\t\t\t<span>\r\n\t\t\t\t\t\t\t\t\tRECORRIDO\t\t\t\t\t\t\t\t<\/span>\r\n\t\t\t\t\t\t\t<\/a>\r\n\t\t\t\t\t\t\t\t\t\t\t<\/div>\r\n\t\t\t<\/div>\r\n\t\t\t\r\n\t\t\t\t\t<\/div>\r\n\r\n\t\t\r\n\t<\/div>\r\n\r\n\t\t\r\n\t\t\r\n\t\t\t\t\t\t<\/div>\n\t\t\t\t<\/div>\n\t\t\t\t\t<\/div>\n\t\t<\/div>\n\t\t\t\t\t<\/div>\n\t\t<\/section>\n\t\t\t\t<\/div>","protected":false},"excerpt":{"rendered":"<p>ARCHIVO \u00cdNTIMO DE MEMORIA UN PROYECTO PARA M\u00cd Y LOS M\u00cdOS De Memoria es un archivo \u00edntimo que expone los<\/p>","protected":false},"author":1,"featured_media":532,"parent":0,"menu_order":0,"comment_status":"closed","ping_status":"closed","template":"","meta":{"footnotes":""},"class_list":["post-163","page","type-page","status-publish","has-post-thumbnail","hentry"],"yoast_head":"<!-- This site is optimized with the Yoast SEO plugin v26.7 - https:\/\/yoast.com\/wordpress\/plugins\/seo\/ -->\n<title>De Memoria | matiasreba | Stickering Illustration<\/title>\n<meta name=\"description\" content=\"Artista peruano que crea stickers a mano de criaturas l\u00fadicas y coloridas con pintura y vinil. Encu\u00e9ntrame en Instagram como @matiasreba\" \/>\n<meta name=\"robots\" content=\"index, follow, max-snippet:-1, max-image-preview:large, max-video-preview:-1\" \/>\n<link rel=\"canonical\" href=\"https:\/\/www.matiasreba.com\/en\/de-memoria\/\" \/>\n<meta property=\"og:locale\" content=\"en_US\" \/>\n<meta property=\"og:type\" content=\"article\" \/>\n<meta property=\"og:title\" content=\"De Memoria | matiasreba | Stickering Illustration\" \/>\n<meta property=\"og:description\" content=\"Artista peruano que crea stickers a mano de criaturas l\u00fadicas y coloridas con pintura y vinil. Encu\u00e9ntrame en Instagram como @matiasreba\" \/>\n<meta property=\"og:url\" content=\"https:\/\/www.matiasreba.com\/en\/de-memoria\/\" \/>\n<meta property=\"og:site_name\" content=\"matiasreba\" \/>\n<meta property=\"article:modified_time\" content=\"2023-11-28T14:09:08+00:00\" \/>\n<meta property=\"og:image\" content=\"https:\/\/www.matiasreba.com\/wp-content\/uploads\/2023\/11\/De-Memoria-Lugares-icon-1.jpg\" \/>\n\t<meta property=\"og:image:width\" content=\"840\" \/>\n\t<meta property=\"og:image:height\" content=\"600\" \/>\n\t<meta property=\"og:image:type\" content=\"image\/jpeg\" \/>\n<meta name=\"twitter:card\" content=\"summary_large_image\" \/>\n<meta name=\"twitter:label1\" content=\"Est. reading time\" \/>\n\t<meta name=\"twitter:data1\" content=\"1 minute\" \/>\n<script type=\"application\/ld+json\" class=\"yoast-schema-graph\">{\"@context\":\"https:\/\/schema.org\",\"@graph\":[{\"@type\":\"WebPage\",\"@id\":\"https:\/\/www.matiasreba.com\/de-memoria\/\",\"url\":\"https:\/\/www.matiasreba.com\/de-memoria\/\",\"name\":\"De Memoria | matiasreba | Stickering Illustration\",\"isPartOf\":{\"@id\":\"https:\/\/www.matiasreba.com\/#website\"},\"primaryImageOfPage\":{\"@id\":\"https:\/\/www.matiasreba.com\/de-memoria\/#primaryimage\"},\"image\":{\"@id\":\"https:\/\/www.matiasreba.com\/de-memoria\/#primaryimage\"},\"thumbnailUrl\":\"https:\/\/www.matiasreba.com\/wp-content\/uploads\/2023\/11\/De-Memoria-Lugares-icon-1.jpg\",\"datePublished\":\"2023-11-24T02:45:07+00:00\",\"dateModified\":\"2023-11-28T14:09:08+00:00\",\"description\":\"Artista peruano que crea stickers a mano de criaturas l\u00fadicas y coloridas con pintura y vinil. Encu\u00e9ntrame en Instagram como @matiasreba\",\"breadcrumb\":{\"@id\":\"https:\/\/www.matiasreba.com\/de-memoria\/#breadcrumb\"},\"inLanguage\":\"en-US\",\"potentialAction\":[{\"@type\":\"ReadAction\",\"target\":[\"https:\/\/www.matiasreba.com\/de-memoria\/\"]}]},{\"@type\":\"ImageObject\",\"inLanguage\":\"en-US\",\"@id\":\"https:\/\/www.matiasreba.com\/de-memoria\/#primaryimage\",\"url\":\"https:\/\/www.matiasreba.com\/wp-content\/uploads\/2023\/11\/De-Memoria-Lugares-icon-1.jpg\",\"contentUrl\":\"https:\/\/www.matiasreba.com\/wp-content\/uploads\/2023\/11\/De-Memoria-Lugares-icon-1.jpg\",\"width\":840,\"height\":600},{\"@type\":\"BreadcrumbList\",\"@id\":\"https:\/\/www.matiasreba.com\/de-memoria\/#breadcrumb\",\"itemListElement\":[{\"@type\":\"ListItem\",\"position\":1,\"name\":\"Home\",\"item\":\"https:\/\/www.matiasreba.com\/\"},{\"@type\":\"ListItem\",\"position\":2,\"name\":\"De Memoria\"}]},{\"@type\":\"WebSite\",\"@id\":\"https:\/\/www.matiasreba.com\/#website\",\"url\":\"https:\/\/www.matiasreba.com\/\",\"name\":\"matiasreba\",\"description\":\"Stickering Illustration\",\"publisher\":{\"@id\":\"https:\/\/www.matiasreba.com\/#\/schema\/person\/8dca92ffa182100fe979f81d9ebaddba\"},\"potentialAction\":[{\"@type\":\"SearchAction\",\"target\":{\"@type\":\"EntryPoint\",\"urlTemplate\":\"https:\/\/www.matiasreba.com\/?s={search_term_string}\"},\"query-input\":{\"@type\":\"PropertyValueSpecification\",\"valueRequired\":true,\"valueName\":\"search_term_string\"}}],\"inLanguage\":\"en-US\"},{\"@type\":[\"Person\",\"Organization\"],\"@id\":\"https:\/\/www.matiasreba.com\/#\/schema\/person\/8dca92ffa182100fe979f81d9ebaddba\",\"name\":\"matiasreba\",\"image\":{\"@type\":\"ImageObject\",\"inLanguage\":\"en-US\",\"@id\":\"https:\/\/www.matiasreba.com\/#\/schema\/person\/image\/\",\"url\":\"https:\/\/secure.gravatar.com\/avatar\/7593c7b3664f472f6812beafe2c32b54378563714a3832fa5e5c9f118c68819e?s=96&d=mm&r=g\",\"contentUrl\":\"https:\/\/secure.gravatar.com\/avatar\/7593c7b3664f472f6812beafe2c32b54378563714a3832fa5e5c9f118c68819e?s=96&d=mm&r=g\",\"caption\":\"matiasreba\"},\"logo\":{\"@id\":\"https:\/\/www.matiasreba.com\/#\/schema\/person\/image\/\"},\"sameAs\":[\"https:\/\/www.matiasreba.com\"]}]}<\/script>\n<!-- \/ Yoast SEO plugin. -->","yoast_head_json":{"title":"De Memoria | matiasreba | Stickering Illustration","description":"Artista peruano que crea stickers a mano de criaturas l\u00fadicas y coloridas con pintura y vinil. Encu\u00e9ntrame en Instagram como @matiasreba","robots":{"index":"index","follow":"follow","max-snippet":"max-snippet:-1","max-image-preview":"max-image-preview:large","max-video-preview":"max-video-preview:-1"},"canonical":"https:\/\/www.matiasreba.com\/en\/de-memoria\/","og_locale":"en_US","og_type":"article","og_title":"De Memoria | matiasreba | Stickering Illustration","og_description":"Artista peruano que crea stickers a mano de criaturas l\u00fadicas y coloridas con pintura y vinil. Encu\u00e9ntrame en Instagram como @matiasreba","og_url":"https:\/\/www.matiasreba.com\/en\/de-memoria\/","og_site_name":"matiasreba","article_modified_time":"2023-11-28T14:09:08+00:00","og_image":[{"width":840,"height":600,"url":"https:\/\/www.matiasreba.com\/wp-content\/uploads\/2023\/11\/De-Memoria-Lugares-icon-1.jpg","type":"image\/jpeg"}],"twitter_card":"summary_large_image","twitter_misc":{"Est. reading time":"1 minute"},"schema":{"@context":"https:\/\/schema.org","@graph":[{"@type":"WebPage","@id":"https:\/\/www.matiasreba.com\/de-memoria\/","url":"https:\/\/www.matiasreba.com\/de-memoria\/","name":"De Memoria | matiasreba | Stickering Illustration","isPartOf":{"@id":"https:\/\/www.matiasreba.com\/#website"},"primaryImageOfPage":{"@id":"https:\/\/www.matiasreba.com\/de-memoria\/#primaryimage"},"image":{"@id":"https:\/\/www.matiasreba.com\/de-memoria\/#primaryimage"},"thumbnailUrl":"https:\/\/www.matiasreba.com\/wp-content\/uploads\/2023\/11\/De-Memoria-Lugares-icon-1.jpg","datePublished":"2023-11-24T02:45:07+00:00","dateModified":"2023-11-28T14:09:08+00:00","description":"Artista peruano que crea stickers a mano de criaturas l\u00fadicas y coloridas con pintura y vinil. Encu\u00e9ntrame en Instagram como @matiasreba","breadcrumb":{"@id":"https:\/\/www.matiasreba.com\/de-memoria\/#breadcrumb"},"inLanguage":"en-US","potentialAction":[{"@type":"ReadAction","target":["https:\/\/www.matiasreba.com\/de-memoria\/"]}]},{"@type":"ImageObject","inLanguage":"en-US","@id":"https:\/\/www.matiasreba.com\/de-memoria\/#primaryimage","url":"https:\/\/www.matiasreba.com\/wp-content\/uploads\/2023\/11\/De-Memoria-Lugares-icon-1.jpg","contentUrl":"https:\/\/www.matiasreba.com\/wp-content\/uploads\/2023\/11\/De-Memoria-Lugares-icon-1.jpg","width":840,"height":600},{"@type":"BreadcrumbList","@id":"https:\/\/www.matiasreba.com\/de-memoria\/#breadcrumb","itemListElement":[{"@type":"ListItem","position":1,"name":"Home","item":"https:\/\/www.matiasreba.com\/"},{"@type":"ListItem","position":2,"name":"De Memoria"}]},{"@type":"WebSite","@id":"https:\/\/www.matiasreba.com\/#website","url":"https:\/\/www.matiasreba.com\/","name":"matiasreba","description":"Stickering Illustration","publisher":{"@id":"https:\/\/www.matiasreba.com\/#\/schema\/person\/8dca92ffa182100fe979f81d9ebaddba"},"potentialAction":[{"@type":"SearchAction","target":{"@type":"EntryPoint","urlTemplate":"https:\/\/www.matiasreba.com\/?s={search_term_string}"},"query-input":{"@type":"PropertyValueSpecification","valueRequired":true,"valueName":"search_term_string"}}],"inLanguage":"en-US"},{"@type":["Person","Organization"],"@id":"https:\/\/www.matiasreba.com\/#\/schema\/person\/8dca92ffa182100fe979f81d9ebaddba","name":"matiasreba","image":{"@type":"ImageObject","inLanguage":"en-US","@id":"https:\/\/www.matiasreba.com\/#\/schema\/person\/image\/","url":"https:\/\/secure.gravatar.com\/avatar\/7593c7b3664f472f6812beafe2c32b54378563714a3832fa5e5c9f118c68819e?s=96&d=mm&r=g","contentUrl":"https:\/\/secure.gravatar.com\/avatar\/7593c7b3664f472f6812beafe2c32b54378563714a3832fa5e5c9f118c68819e?s=96&d=mm&r=g","caption":"matiasreba"},"logo":{"@id":"https:\/\/www.matiasreba.com\/#\/schema\/person\/image\/"},"sameAs":["https:\/\/www.matiasreba.com"]}]}},"_links":{"self":[{"href":"https:\/\/www.matiasreba.com\/en\/wp-json\/wp\/v2\/pages\/163","targetHints":{"allow":["GET"]}}],"collection":[{"href":"https:\/\/www.matiasreba.com\/en\/wp-json\/wp\/v2\/pages"}],"about":[{"href":"https:\/\/www.matiasreba.com\/en\/wp-json\/wp\/v2\/types\/page"}],"author":[{"embeddable":true,"href":"https:\/\/www.matiasreba.com\/en\/wp-json\/wp\/v2\/users\/1"}],"replies":[{"embeddable":true,"href":"https:\/\/www.matiasreba.com\/en\/wp-json\/wp\/v2\/comments?post=163"}],"version-history":[{"count":16,"href":"https:\/\/www.matiasreba.com\/en\/wp-json\/wp\/v2\/pages\/163\/revisions"}],"predecessor-version":[{"id":1409,"href":"https:\/\/www.matiasreba.com\/en\/wp-json\/wp\/v2\/pages\/163\/revisions\/1409"}],"wp:featuredmedia":[{"embeddable":true,"href":"https:\/\/www.matiasreba.com\/en\/wp-json\/wp\/v2\/media\/532"}],"wp:attachment":[{"href":"https:\/\/www.matiasreba.com\/en\/wp-json\/wp\/v2\/media?parent=163"}],"curies":[{"name":"wp","href":"https:\/\/api.w.org\/{rel}","templated":true}]}}